{"id":615,"date":"2021-04-02T00:00:55","date_gmt":"2021-04-01T22:00:55","guid":{"rendered":"http:\/\/imaginesvitae.com\/?post_type=jetpack-portfolio&#038;p=615"},"modified":"2023-01-06T19:09:46","modified_gmt":"2023-01-06T18:09:46","slug":"615","status":"publish","type":"jetpack-portfolio","link":"https:\/\/imaginesvitae.com\/?portfolio=615","title":{"rendered":"Etre pr\u00e9sents, portraits d\u2019anc\u00eatres"},"content":{"rendered":"\n<div id=\"section-g680e3d\" class=\"wp-block-gutentor-e6 section-g680e3d gutentor-element gutentor-element-image text-align-center-desktop\"><div class=\"gutentor-element-image-box\"><div class=\"gutentor-image-thumb\"><img class=\"normal-image\" src=\"https:\/\/imaginesvitae.com\/wp-content\/uploads\/2021\/04\/AFFICHE-ETRE-PRESENTS-679x1024.jpg\" alt=\"LES ARCHES DU VIADUC NOGENT SUR MARNE\"\/><\/div><\/div><\/div>\n\n\n\n<h2 class=\"has-text-align-center\" style=\"font-size:22px\"><br><br>Une installation de Mai Duong<br><\/h2>\n\n\n\n<p> <br><br><br><br><\/p>\n\n\n\n<p><em>\u00ab&nbsp;Tu ne tueras point \u2013 est la premi\u00e8re parole du visage&nbsp;\u00bb<br><\/em>Emmanuel Levinas, Ethique et infini, 1982<\/p>\n\n\n\n<p><em>\u00ab&nbsp;Ceux qui appr\u00e9cient la vieillesse du monde s\u2019en trouvent nourris&nbsp;\u00bb<br>\u00ab&nbsp;Assumer pleinement notre \u00e9tat de vieux, l\u2019authenticit\u00e9 de notre \u00eatre et la disponibilit\u00e9 de notre pr\u00e9sence, avec sa gravitas et son excentricit\u00e9, c\u2019est affecter indirectement le bien commun et donc le bien des jeunes&nbsp;\u00bb<br><\/em>James Hillman, La force du caract\u00e8re, 2001<\/p>\n\n\n\n<p>Notre \u00e9poque est celle de la diffusion et g\u00e9n\u00e9ralisation de techniques puissantes de manipulation du corps et de son image, d\u2019instruments qui permettent d\u2019effacer tous les signes qui \u00e9loignent notre image ext\u00e9rieure du clich\u00e9 juv\u00e9nile, souriant et liss\u00e9 qui constitue le standard socialement acceptable.<\/p>\n\n\n\n<p>Chirurgie esth\u00e9tique ou retouche photographique, modification de la peau ou lissage des pixels de notre double virtuel, les techniques \u00e9raflent les signes du passage du temps et, avec eux, les signes des passions, des sentiments et du caract\u00e8re.<\/p>\n\n\n\n<p>Ces derni\u00e8res ann\u00e9es, j\u2019ai fait l\u2019exp\u00e9rience de r\u00e9aliser des portraits de personnes qui ont atteint la p\u00e9riode dite du \u00ab&nbsp;grand \u00e2ge&nbsp;\u00bb.<\/p>\n\n\n\n<p>Souvent vivant encore chez elles, dans un environnement qui semblait avoir magiquement surv\u00e9cu \u00e0 l\u2019avanc\u00e9e du calendrier, ces personnes r\u00e9v\u00e9laient en m\u00eame temps qu\u2019une extr\u00eame fragilit\u00e9 la force de leur caract\u00e8re. Observant leur visage, la premi\u00e8re image, celle racont\u00e9e par leurs enfants, qui m\u2019avaient interpell\u00e9e pour r\u00e9aliser ces petits portraits, \u00e9tait remplac\u00e9e par d\u2019autres images.<\/p>\n\n\n\n<p>La vieillesse assum\u00e9e avait m\u00e9tamorphos\u00e9 la d\u00e9cadence biologique en art, elle s\u2019\u00e9tait transform\u00e9e en image. Le caract\u00e8re \u00e9tait devenu un v\u00e9hicule qui pouvait amener loin, au-del\u00e0 des faiblesses du corps, dans les inconnues plages du futur, \u00e0 une connaissance ult\u00e9rieure, \u00e0 une extr\u00eame d\u00e9fense de la vie.<\/p>\n\n\n\n<p>De cette exp\u00e9rience est n\u00e9e l\u2019id\u00e9e que l\u2019extr\u00eame vieillesse puisse \u00eatre le dernier rempart, assi\u00e9g\u00e9 mais encore inviol\u00e9, o\u00f9 nous pouvons trouver des visages authentiques, porteurs d\u2019un message de vuln\u00e9rabilit\u00e9 absolue, des visages trac\u00e9s par le vieillissement et pourtant splendides, comme des formes qui r\u00e9sistent et s\u2019affinent avec le temps pour durer, en tant qu\u2019image du caract\u00e8re, pour l\u2019\u00e9ternit\u00e9.<\/p>\n\n\n\n<p>Dans les soci\u00e9t\u00e9s traditionnelles, les portraits des anc\u00eatres \u00e9taient consid\u00e9r\u00e9s comme un bien commun indispensable et ils pouvaient exprimer publiquement leurs messages \u00e9thiques avec une intensit\u00e9 in\u00e9gal\u00e9e.<\/p>\n\n\n\n<p>Aujourd&rsquo;hui, la dissimulation des traits de la vieillesse et la disparition des images authentiques du grand \u00e2ge conduisent \u00e0 un appauvrissement du paysage social.<\/p>\n\n\n\n<p>Ce projet veut redonner une dimension publique aux images des anc\u00eatres et nous faire rencontrer cet \u00ab&nbsp;autre&nbsp;\u00bb qui seul nous permet de voir en nous-m\u00eame.<\/p>\n\n\n\n<p>Propos recueillis par Marcello Maugeri<\/p>\n\n\n\n<figure class=\"wp-block-image size-large\"><img loading=\"lazy\" width=\"1024\" height=\"682\" src=\"https:\/\/imaginesvitae.com\/wp-content\/uploads\/2021\/07\/BJ8A1316-1024x682.jpeg\" alt=\"\" class=\"wp-image-898\" srcset=\"https:\/\/imaginesvitae.com\/wp-content\/uploads\/2021\/07\/BJ8A1316-1024x682.jpeg 1024w, https:\/\/imaginesvitae.com\/wp-content\/uploads\/2021\/07\/BJ8A1316-400x267.jpeg 400w, https:\/\/imaginesvitae.com\/wp-content\/uploads\/2021\/07\/BJ8A1316-768x512.jpeg 768w, https:\/\/imaginesvitae.com\/wp-content\/uploads\/2021\/07\/BJ8A1316.jpeg 1280w\" sizes=\"(max-width: 1024px) 100vw, 1024px\" \/><\/figure>\n\n\n\n<p class=\"has-text-align-right\"><br><\/p>\n\n\n\n<h2 id=\"block-7b597a0c-d73d-4058-baa9-cc13239610a4\"><\/h2>\n\n\n\n<div class=\"wp-block-image\"><figure class=\"aligncenter is-resized\"><img loading=\"lazy\" src=\"https:\/\/imaginesvitae.com\/wp-content\/uploads\/2021\/07\/BJ8A1312-2.jpeg\" alt=\"\" class=\"wp-image-912\" width=\"341\" height=\"320\"\/><\/figure><\/div>\n\n\n\n<p><\/p>\n\n\n\n<div class=\"wp-block-image\"><figure class=\"aligncenter size-large is-resized\"><img loading=\"lazy\" src=\"https:\/\/imaginesvitae.com\/wp-content\/uploads\/2021\/07\/BJ8A1267-682x1024.jpeg\" alt=\"\" class=\"wp-image-901\" width=\"341\" height=\"512\" srcset=\"https:\/\/imaginesvitae.com\/wp-content\/uploads\/2021\/07\/BJ8A1267-682x1024.jpeg 682w, https:\/\/imaginesvitae.com\/wp-content\/uploads\/2021\/07\/BJ8A1267-267x400.jpeg 267w, https:\/\/imaginesvitae.com\/wp-content\/uploads\/2021\/07\/BJ8A1267-768x1152.jpeg 768w, https:\/\/imaginesvitae.com\/wp-content\/uploads\/2021\/07\/BJ8A1267.jpeg 853w\" sizes=\"(max-width: 341px) 100vw, 341px\" \/><\/figure><\/div>\n\n\n\n<section id=\"gmf685351\" class=\"wp-block-gutentor-m10 section-gmf685351 gutentor-module g-gm-module\"><div class=\"grid-container\"><div class=\"grid-row g-gm-item-wrap\">\n<div id=\"col-gm6e4beb\" class=\"wp-block-gutentor-m10-col col-gm6e4beb gutentor-module g-gm-col grid-lg-4 grid-md-4 grid-12\"><div id=\"section-gm6e4beb\" class=\"section-gm6e4beb gutentor-single-col\">\n<div id=\"section-ge55177\" class=\"wp-block-gutentor-e6 section-ge55177 gutentor-element gutentor-element-image\"><div class=\"gutentor-element-image-box\"><div class=\"gutentor-image-thumb\"><img class=\"normal-image\" src=\"https:\/\/imaginesvitae.com\/wp-content\/uploads\/2021\/03\/BJ8A68194-e1617050897343.jpg\"\/><\/div><\/div><\/div>\n\n\n\n<p class=\"has-text-align-center\">Soeur Luciele Gautron<br>Association Africa Soeurs Spiritaines Nogent sur Marne, 2020<br>@ Mai Duong<\/p>\n\n\n\n<div id=\"section-geebfc8\" class=\"wp-block-gutentor-e6 section-geebfc8 gutentor-element gutentor-element-image\"><div class=\"gutentor-element-image-box\"><div class=\"gutentor-image-thumb\"><img class=\"normal-image\" src=\"https:\/\/imaginesvitae.com\/wp-content\/uploads\/2021\/03\/BJ8A74869-e1617050840519.jpg\"\/><\/div><\/div><\/div>\n\n\n\n<p class=\"has-text-align-center\">Lise D\u00e9ramond Follin,<br>Cin\u00e9aste<br>Maison nationale des artistes, <br>Nogent sur Marne, 2020<br>@ Mai Duong<\/p>\n\n\n\n<div id=\"section-ge71024\" class=\"wp-block-gutentor-e6 section-ge71024 gutentor-element gutentor-element-image\"><div class=\"gutentor-element-image-box\"><div class=\"gutentor-image-thumb\"><img class=\"normal-image\" src=\"https:\/\/imaginesvitae.com\/wp-content\/uploads\/2021\/03\/BJ8A69905-e1617050885558.jpg\"\/><\/div><\/div><\/div>\n\n\n\n<p class=\"has-text-align-center\">Madame Potonnier<br>M\u00e8re de famille<br>Association Africa Soeurs Spiritaines Nogent sur Marne, 2020<br>@ Mai Duong<\/p>\n\n\n\n<div id=\"section-g130b0f\" class=\"wp-block-gutentor-e6 section-g130b0f gutentor-element gutentor-element-image\"><div class=\"gutentor-element-image-box\"><div class=\"gutentor-image-thumb\"><img class=\"normal-image\" src=\"https:\/\/imaginesvitae.com\/wp-content\/uploads\/2021\/04\/00002151000113.jpg\"\/><\/div><\/div><\/div>\n\n\n\n<p class=\"has-text-align-center\">Madeleine Marie<br>Actrice, mannequin<br>D\u00e9fil\u00e9 ISSEY MIYAKE Automne-Hiver 1995, Paris 1994<br>@ Mai Duong<\/p>\n<\/div><\/div>\n\n\n\n<div id=\"col-gmbffd14\" class=\"wp-block-gutentor-m10-col col-gmbffd14 gutentor-module g-gm-col grid-lg-4 grid-md-4 grid-12\"><div id=\"section-gmbffd14\" class=\"section-gmbffd14 gutentor-single-col\">\n<div id=\"section-g27fd01\" class=\"wp-block-gutentor-e6 section-g27fd01 gutentor-element gutentor-element-image\"><div class=\"gutentor-element-image-box\"><div class=\"gutentor-image-thumb\"><img class=\"normal-image\" src=\"https:\/\/imaginesvitae.com\/wp-content\/uploads\/2021\/03\/00002151000212-e1617050931837.jpg\" alt=\"Michael Lonsdale\"\/><\/div><\/div><\/div>\n\n\n\n<p class=\"has-text-align-center\">Michael Lonsdale<br>Acteur<br>Maison de la po\u00e9sie, Paris, <br>2004<br>@ Mai Duong<\/p>\n\n\n\n<div id=\"section-gc4b89e\" class=\"wp-block-gutentor-e6 section-gc4b89e gutentor-element gutentor-element-image\"><div class=\"gutentor-element-image-box\"><div class=\"gutentor-image-thumb\"><img class=\"normal-image\" src=\"https:\/\/imaginesvitae.com\/wp-content\/uploads\/2021\/03\/BJ8A67533-e1617050909305.jpg\"\/><\/div><\/div><\/div>\n\n\n\n<p class=\"has-text-align-center\">P\u00e8re Etienne Flipo<br>Association Africa Soeurs Spiritaines Nogent sur Marne, <br>2020<br>@ Mai Duong<\/p>\n\n\n\n<div id=\"section-ga7b13a\" class=\"wp-block-gutentor-e6 section-ga7b13a gutentor-element gutentor-element-image\"><div class=\"gutentor-element-image-box\"><div class=\"gutentor-image-thumb\"><img class=\"normal-image\" src=\"https:\/\/imaginesvitae.com\/wp-content\/uploads\/2021\/03\/DSC_26401-e1617050808984.jpg\"\/><\/div><\/div><\/div>\n\n\n\n<p class=\"has-text-align-center\">Gaetano Pesce <br>Architecte, peintre, designer, sculpteur<br>Mus\u00e9e des Arts D\u00e9coratifs, Paris, 2006<br>@ Mai Duong<\/p>\n\n\n\n<div id=\"section-gbe2ee8\" class=\"wp-block-gutentor-e6 section-gbe2ee8 gutentor-element gutentor-element-image\"><div class=\"gutentor-element-image-box\"><div class=\"gutentor-image-thumb\"><img class=\"normal-image\" src=\"https:\/\/imaginesvitae.com\/wp-content\/uploads\/2021\/03\/BJ8A71736-e1617050877830.jpg\"\/><\/div><\/div><\/div>\n\n\n\n<p class=\"has-text-align-center\">P\u00e8re Guy Daniel<br>Association Africa Soeurs Spiritaines Nogent sur Marne, 2020<br>@ Mai Duong<\/p>\n<\/div><\/div>\n\n\n\n<div id=\"col-gmcd1b03\" class=\"wp-block-gutentor-m10-col col-gmcd1b03 gutentor-module g-gm-col grid-lg-4 grid-md-4 grid-12\"><div id=\"section-gmcd1b03\" class=\"section-gmcd1b03 gutentor-single-col\">\n<div id=\"section-g165805\" class=\"wp-block-gutentor-e6 section-g165805 gutentor-element gutentor-element-image\"><div class=\"gutentor-element-image-box\"><div class=\"gutentor-image-thumb\"><img class=\"normal-image\" src=\"https:\/\/imaginesvitae.com\/wp-content\/uploads\/2021\/03\/BJ8A65742-e1617050922440.jpg\"\/><\/div><\/div><\/div>\n\n\n\n<p class=\"has-text-align-center\">S\u0153ur Anne-Michel Minier<br>Association Africa Soeurs Spiritaines Nogent sur Marne, 2020<br>@ Mai Duong<\/p>\n\n\n\n<div id=\"section-g71d227\" class=\"wp-block-gutentor-e6 section-g71d227 gutentor-element gutentor-element-image\"><div class=\"gutentor-element-image-box\"><div class=\"gutentor-image-thumb\"><img class=\"normal-image\" src=\"https:\/\/imaginesvitae.com\/wp-content\/uploads\/2021\/03\/BJ8A74148-e1617050852564.jpg\"\/><\/div><\/div><\/div>\n\n\n\n<p class=\"has-text-align-center\">Jacqueline Duh\u00eame,<br>Illustratrice&nbsp;<br>Maison nationale des artistes, Nogent sur Marne, 2020<br>@ Mai Duong<\/p>\n\n\n\n<div id=\"section-gd1cf4e\" class=\"wp-block-gutentor-e6 section-gd1cf4e gutentor-element gutentor-element-image\"><div class=\"gutentor-element-image-box\"><div class=\"gutentor-image-thumb\"><img class=\"normal-image\" src=\"https:\/\/imaginesvitae.com\/wp-content\/uploads\/2021\/03\/BJ8A72747-e1617050866188.jpg\"\/><\/div><\/div><\/div>\n\n\n\n<p class=\"has-text-align-center\">P\u00e8re Bieri Bernard<br><br>Association Africa Soeurs Spiritaines Nogent sur Marne, 2020<br>@ Mai Duong<\/p>\n\n\n\n<div id=\"section-g7be2fe\" class=\"wp-block-gutentor-e6 section-g7be2fe gutentor-element gutentor-element-image\"><div class=\"gutentor-element-image-box\"><div class=\"gutentor-image-thumb\"><img class=\"normal-image\" src=\"https:\/\/imaginesvitae.com\/wp-content\/uploads\/2021\/03\/BJ8A793910-e1617050826824.jpg\"\/><\/div><\/div><\/div>\n\n\n\n<p class=\"has-text-align-center\">Jacqueline Carron<br>Peintre et coloriste<br>Maison nationale des artistes, <br>Nogent sur Marne, 2020<br>@ Mai Duong<\/p>\n<\/div><\/div>\n\n\n\n<div id=\"col-gma0dcfe\" class=\"wp-block-gutentor-m10-col col-gma0dcfe gutentor-module g-gm-col grid-lg-4 grid-md-4 grid-12\"><div id=\"section-gma0dcfe\" class=\"section-gma0dcfe gutentor-single-col\">\n<div id=\"section-g2ced1e\" class=\"wp-block-gutentor-e6 section-g2ced1e gutentor-element gutentor-element-image\"><div class=\"gutentor-element-image-box\"><div class=\"gutentor-image-thumb\"><img class=\"normal-image\" src=\"https:\/\/imaginesvitae.com\/wp-content\/uploads\/2021\/04\/RUFFUS-2-11.jpeg\"\/><\/div><\/div><\/div>\n\n\n\n<p class=\"has-text-align-center\">Rufus<br>Com\u00e9dien<br>Roussillon, 2021<br>@ Mai Duong<\/p>\n<\/div><\/div>\n<\/div><\/div><\/section>\n","protected":false},"excerpt":{"rendered":"<p>Une installation de Mai Duong \u00ab&nbsp;Tu ne tueras point \u2013<\/p>\n<p class=\"more-link\"><a href=\"https:\/\/imaginesvitae.com\/?portfolio=615\" class=\"readmore\">Continue reading&#8230;<span class=\"screen-reader-text\">Etre pr\u00e9sents, portraits d\u2019anc\u00eatres<\/span><\/a><\/p>\n","protected":false},"author":1,"featured_media":0,"comment_status":"closed","ping_status":"closed","template":"","jetpack-portfolio-type":[],"jetpack-portfolio-tag":[],"_links":{"self":[{"href":"https:\/\/imaginesvitae.com\/index.php?rest_route=\/wp\/v2\/jetpack-portfolio\/615"}],"collection":[{"href":"https:\/\/imaginesvitae.com\/index.php?rest_route=\/wp\/v2\/jetpack-portfolio"}],"about":[{"href":"https:\/\/imaginesvitae.com\/index.php?rest_route=\/wp\/v2\/types\/jetpack-portfolio"}],"author":[{"embeddable":true,"href":"https:\/\/imaginesvitae.com\/index.php?rest_route=\/wp\/v2\/users\/1"}],"replies":[{"embeddable":true,"href":"https:\/\/imaginesvitae.com\/index.php?rest_route=%2Fwp%2Fv2%2Fcomments&post=615"}],"wp:attachment":[{"href":"https:\/\/imaginesvitae.com\/index.php?rest_route=%2Fwp%2Fv2%2Fmedia&parent=615"}],"wp:term":[{"taxonomy":"jetpack-portfolio-type","embeddable":true,"href":"https:\/\/imaginesvitae.com\/index.php?rest_route=%2Fwp%2Fv2%2Fjetpack-portfolio-type&post=615"},{"taxonomy":"jetpack-portfolio-tag","embeddable":true,"href":"https:\/\/imaginesvitae.com\/index.php?rest_route=%2Fwp%2Fv2%2Fjetpack-portfolio-tag&post=615"}],"curies":[{"name":"wp","href":"https:\/\/api.w.org\/{rel}","templated":true}]}}